{"id":293,"date":"2018-05-24T11:21:09","date_gmt":"2018-05-24T09:21:09","guid":{"rendered":"http:\/\/www.zeichenzirkelpirna.de\/?page_id=293"},"modified":"2025-12-04T13:43:42","modified_gmt":"2025-12-04T12:43:42","slug":"datenschutzerklaerung","status":"publish","type":"page","link":"https:\/\/www.zeichenzirkelpirna.de\/index.php\/datenschutzerklaerung\/","title":{"rendered":"Impressum"},"content":{"rendered":"<h1><\/h1>\n<p><strong>Impressum<\/strong><\/p>\n<p>Mal- und Zeichenzirkel \/ Pirna-Sonnenstein e.V.<\/p>\n<p>Vorstand<\/p>\n<p>Thomas Hauthal<\/p>\n<p>Mal- und Zeichenzirkel\/Pirna-Sonnenstein e.V.; Hinterhaus der Stadtbibliothek Pirna;\u00a0Dohnaische Stra\u00dfe 76,\u00a001796 Pirna<\/p>\n<p>Registergericht: Amtsgericht Dresden \u2013 Vereinsregister<\/p>\n<p>Registernummer: VR 20243<\/p>\n<p><strong>Haftungsausschluss<\/strong><\/p>\n<p>Im Falle von wettbewerbsrechtlichen, domainrechtlichen, urheberrechtlichen oder \u00e4hnlichen Problemen bitten wir Sie, uns zu kontaktieren um unn\u00f6tigen Rechtsstreit zu vermeiden. F\u00fcr Sch\u00e4den materieller oder ideeller Art, die sich aus der Nutzung der hier ver\u00f6ffentlichten Daten ergebenen, \u00fcbernehmen wir keine Haftung. Die Autoren behalten sich vor, Teile der Seiten oder das gesamte Angebot ohne Ank\u00fcndigung zu ver\u00e4ndern, zu l\u00f6schen oder die Ver\u00f6ffentlichung einzustellen.<\/p>\n<p><strong>Datenschutzerkl\u00e4rung<\/strong><\/p>\n<p>Unsere Webseite hei\u00dft: https:\/\/www.zeichenzirkelpirna.de<\/p>\n<p>Verantwortliche Stelle im Sinne des Datenschutzes ist der Verein<\/p>\n<p>Mal- und Zeichenzirkel\/Pirna-Sonnenstein e.V.; Hinterhaus der Stadtbibliothek Pirna;\u00a0Dohnaische Stra\u00dfe 76,\u00a001796 Pirna<\/p>\n<p>Vorsitzender: Thomas Hauthal<\/p>\n<p><em>Allgemeines<\/em><\/p>\n<p>Diese Datenschutzerkl\u00e4rung soll die Nutzer dieser Internetseite gem\u00e4\u00df Bundesdatenschutzgesetz, Telemediengesetz und der EU Datenschutz-Grundverordnung \u00fcber die Art, den Umfang und den Zweck der Erhebung und Verwendung personenbezogener Daten durch den Internetseitenbetreiber informieren.<\/p>\n<p>Wir nehmen Ihren Datenschutz sehr ernst und behandeln Ihre personenbezogenen Daten vertraulich und entsprechend der gesetzlichen Vorschriften.<\/p>\n<p>Bedenken Sie, dass die Daten\u00fcbertragung im Internet wie zum Beispiel beim Senden von unverschl\u00fcsselten Emails grunds\u00e4tzlich Sicherheitsl\u00fccken enthalten kann. Ein vollumf\u00e4nglicher Schutz vor dem Zugriff durch Fremde ist nicht realisierbar.<\/p>\n<p><em>Verwendung von Cookies<\/em><\/p>\n<p>Diese Webseite verwendet Cookies. Dabei handelt es sich um kleine Textdateien, die auf Ihrem Computer, Tablet oder Smartphone und auf den von uns genutzten Servern gespeichert werden, um die Benutzerfreundlichkeit der Internetseite zu erh\u00f6hen. Wenn Sie keine Cookies zulassen, speichern oder bereits vorhandene Cookies l\u00f6schen m\u00f6chten, m\u00fcssen Sie die Einstellungen Ihres Internetbrowsers \u00e4ndern.<\/p>\n<p><em>SSL Verschl\u00fcsselung <\/em><\/p>\n<p>Um die Sicherheit Ihrer Daten bei der \u00dcbertragung zu sch\u00fctzen, verwenden wir dem aktuellen Stand der Technik entsprechend entsprechende Verschl\u00fcsselungsverfahren \u00fcber https. Unsere Internetseite verwendet https als \u00dcbertragungsprotokoll. Damit ist sichergestellt, dass alle Daten, insbesondere personenbezogene Daten ausschlie\u00dflich verschl\u00fcsselt \u00fcbertragen werden.<\/p>\n<p><em>Umgang mit Kontaktdaten<\/em><\/p>\n<p>Ihre personenbezogenen Daten werden nur erhoben, wenn Sie uns durch die Nutzung unseres Kontaktformulars, telefonisch oder per Email kontaktieren. Ihre Angaben werden nur intern und zweckbezogen (also nur f\u00fcr die Bearbeitung der Anfrage) verwendet. Wir speichern Ihre personenbezogenen Daten so lange, bis der Zweck erf\u00fcllt ist, danach werden die Daten gel\u00f6scht.<\/p>\n<p>Ihre personenbezogenen Daten werden nicht an Dritte weiter gegeben und nicht f\u00fcr Marketing Zwecke verwendet.<\/p>\n<p><em>Recht auf L\u00f6schung und Berichtigung<\/em><\/p>\n<p>Sie haben das Recht, Auskunft \u00fcber Ihre bei uns gespeicherten personenbezogenen Daten zu erhalten. Ebenso haben Sie das Recht auf Berichtigung und L\u00f6schung Ihrer bei uns gespeicherten personenbezogenen Daten, sofern keine gesetzliche Archivierungsverpflichtung besteht. Sie k\u00f6nnen \u00c4nderung oder Widerruf einer Einwilligung mit Wirkung in der Zukunft durch entsprechende Mitteilung an uns vornehmen.<\/p>\n<p><em>\u00c4nderung der Datenschutzerkl\u00e4rung<\/em><\/p>\n<p>Wir behalten uns vor, diese Datenschutzerkl\u00e4rung gelegentlich anzupassen, damit sie stets den aktuellen rechtlichen Anforderungen entspricht. F\u00fcr ihren erneuten Besuch gilt dann die neue Datenschutzerkl\u00e4rung. \u00dcber \u00c4nderungen in unserer Datenschutzerkl\u00e4rung werden wir Sie nicht gesondert informieren.<\/p>\n<p><em>Fragen zum Datenschutz<\/em><\/p>\n<p>Wenn Sie Fragen zum Datenschutz haben, wenden Sie sich bitte per Post an unseren Verein.<\/p>\n<p>Mal- und Zeichenzirkel\/Pirna-Sonnenstein e.V.; Hinterhaus der Stadtbibliothek Pirna;\u00a0Dohnaische Stra\u00dfe 76,\u00a001796 Pirna<\/p>\n<p>Vorsitzender: Thomas Hauthal<\/p>\n<p><strong>Copyright 2018<\/strong><\/p>\n<p>Die auf dieser Website wiedergegebenen Texte und Bilder sind urheberrechtlich gesch\u00fctzt und d\u00fcrfen ohne vorherige Zustimmung des Rechteinhabers nicht zu anderen als rein privaten Zwecken verwendet werden. Insbesondere ist eine \u00f6ffentliche Wiedergabe oder Ver\u00e4nderung der Inhalte unzul\u00e4ssig.<\/p>\n","protected":false},"excerpt":{"rendered":"<p>Impressum Mal- und Zeichenzirkel \/ Pirna-Sonnenstein e.V. Vorstand Thomas Hauthal Mal- und Zeichenzirkel\/Pirna-Sonnenstein e.V.; Hinterhaus der Stadtbibliothek Pirna;\u00a0Dohnaische Stra\u00dfe 76,\u00a001796 Pirna Registergericht: Amtsgericht Dresden \u2013 Vereinsregister Registernummer: VR 20243 Haftungsausschluss Im Falle von wettbewerbsrechtlichen, domainrechtlichen, urheberrechtlichen oder \u00e4hnlichen Problemen bitten wir Sie, uns zu kontaktieren um unn\u00f6tigen Rechtsstreit zu vermeiden. F\u00fcr Sch\u00e4den materieller oder ideeller [&hellip;]<\/p>\n","protected":false},"author":2,"featured_media":0,"parent":0,"menu_order":0,"comment_status":"closed","ping_status":"closed","template":"","meta":{"footnotes":""},"class_list":["post-293","page","type-page","status-publish","hentry"],"blocksy_meta":[],"_links":{"self":[{"href":"https:\/\/www.zeichenzirkelpirna.de\/index.php\/wp-json\/wp\/v2\/pages\/293","targetHints":{"allow":["GET"]}}],"collection":[{"href":"https:\/\/www.zeichenzirkelpirna.de\/index.php\/wp-json\/wp\/v2\/pages"}],"about":[{"href":"https:\/\/www.zeichenzirkelpirna.de\/index.php\/wp-json\/wp\/v2\/types\/page"}],"author":[{"embeddable":true,"href":"https:\/\/www.zeichenzirkelpirna.de\/index.php\/wp-json\/wp\/v2\/users\/2"}],"replies":[{"embeddable":true,"href":"https:\/\/www.zeichenzirkelpirna.de\/index.php\/wp-json\/wp\/v2\/comments?post=293"}],"version-history":[{"count":16,"href":"https:\/\/www.zeichenzirkelpirna.de\/index.php\/wp-json\/wp\/v2\/pages\/293\/revisions"}],"predecessor-version":[{"id":3972,"href":"https:\/\/www.zeichenzirkelpirna.de\/index.php\/wp-json\/wp\/v2\/pages\/293\/revisions\/3972"}],"wp:attachment":[{"href":"https:\/\/www.zeichenzirkelpirna.de\/index.php\/wp-json\/wp\/v2\/media?parent=293"}],"curies":[{"name":"wp","href":"https:\/\/api.w.org\/{rel}","templated":true}]}}