{"id":55,"date":"2017-03-25T15:46:30","date_gmt":"2017-03-25T14:46:30","guid":{"rendered":"http:\/\/malzirkel.34u.de\/?page_id=55"},"modified":"2020-03-11T10:52:17","modified_gmt":"2020-03-11T09:52:17","slug":"kuenstlerischer-leiter","status":"publish","type":"page","link":"https:\/\/www.zeichenzirkelpirna.de\/index.php\/kuenstlerischer-leiter\/","title":{"rendered":"K\u00fcnstlerischer Leiter"},"content":{"rendered":"<figure id=\"attachment_82\" aria-describedby=\"caption-attachment-82\" style=\"width: 351px\" class=\"wp-caption aligncenter\"><img loading=\"lazy\" decoding=\"async\" class=\"wp-image-82 \" src=\"http:\/\/malzirkel.34u.de\/wp-content\/uploads\/2017\/03\/detlefvorschlag2-300x166.jpg\" alt=\"\" width=\"351\" height=\"194\" srcset=\"https:\/\/www.zeichenzirkelpirna.de\/wp-content\/uploads\/2017\/03\/detlefvorschlag2-300x166.jpg 300w, https:\/\/www.zeichenzirkelpirna.de\/wp-content\/uploads\/2017\/03\/detlefvorschlag2-768x425.jpg 768w, https:\/\/www.zeichenzirkelpirna.de\/wp-content\/uploads\/2017\/03\/detlefvorschlag2-1024x567.jpg 1024w\" sizes=\"auto, (max-width: 351px) 100vw, 351px\" \/><figcaption id=\"caption-attachment-82\" class=\"wp-caption-text\">Detlef Schweiger 2015<\/figcaption><\/figure>\n<p><a href=\"http:\/\/schweigwerk.de\" target=\"_blank\" rel=\"noopener noreferrer\">Detlef Schweiger<\/a><\/p>\n<p>Vor seinem Kunststudium als Kunstp\u00e4dagoge ausgebildet,\u00a0\u00fcbernahm er 2006 die k\u00fcnstlerische Leitung des Zirkels.<\/p>\n<p>1958 geboren in D\u00fcsseldorf<\/p>\n<p>1979-1984 Studium Kunsterziehung\/Gestaltungstheorie\/ Malerei\/Grafik Humboldt-Universit\u00e4t\u00a0Berlin<\/p>\n<p>seit 1986 lebt und arbeitet er freiberuflich in Dresden-Loschwitz, K\u00fcnstlerhaus<\/p>\n<p>&#8230;<\/p>\n<p>\u00dcber seinen kunstp\u00e4dagogischen Ansatz: &#8222;Neben klassischen wie immer wieder neuen Herausforderungen, vor die ich die Zirkelteilnehmer\u00a0\u00a0stelle, basiert meine kunstp\u00e4dagogische Anleitung vor allem auf intensiver individueller Betreuung, indem ich die pers\u00f6nlichen bildnerischen Erfahrungen, F\u00e4higkeiten, Ambitionen&#8230; aller Zirkelteilnehmer differenziert analysiere, um jeden Einzelnen unter seinen gegebenen M\u00f6glichkeiten und erarbeiteten F\u00e4higkeiten in der Auspr\u00e4gung seiner `Handschrift`- seiner pers\u00f6nlichkeitsbedingten authentischen eigenen Formgebung &#8211; zu f\u00f6rdern.&#8220;<\/p>\n","protected":false},"excerpt":{"rendered":"<p>Detlef Schweiger Vor seinem Kunststudium als Kunstp\u00e4dagoge ausgebildet,\u00a0\u00fcbernahm er 2006 die k\u00fcnstlerische Leitung des Zirkels. 1958 geboren in D\u00fcsseldorf 1979-1984 Studium Kunsterziehung\/Gestaltungstheorie\/ Malerei\/Grafik Humboldt-Universit\u00e4t\u00a0Berlin seit 1986 lebt und arbeitet er freiberuflich in Dresden-Loschwitz, K\u00fcnstlerhaus &#8230; \u00dcber seinen kunstp\u00e4dagogischen Ansatz: &#8222;Neben klassischen wie immer wieder neuen Herausforderungen, vor die ich die Zirkelteilnehmer\u00a0\u00a0stelle, basiert meine kunstp\u00e4dagogische Anleitung [&hellip;]<\/p>\n","protected":false},"author":2,"featured_media":0,"parent":0,"menu_order":3,"comment_status":"closed","ping_status":"closed","template":"","meta":{"footnotes":""},"class_list":["post-55","page","type-page","status-publish","hentry"],"blocksy_meta":[],"_links":{"self":[{"href":"https:\/\/www.zeichenzirkelpirna.de\/index.php\/wp-json\/wp\/v2\/pages\/55","targetHints":{"allow":["GET"]}}],"collection":[{"href":"https:\/\/www.zeichenzirkelpirna.de\/index.php\/wp-json\/wp\/v2\/pages"}],"about":[{"href":"https:\/\/www.zeichenzirkelpirna.de\/index.php\/wp-json\/wp\/v2\/types\/page"}],"author":[{"embeddable":true,"href":"https:\/\/www.zeichenzirkelpirna.de\/index.php\/wp-json\/wp\/v2\/users\/2"}],"replies":[{"embeddable":true,"href":"https:\/\/www.zeichenzirkelpirna.de\/index.php\/wp-json\/wp\/v2\/comments?post=55"}],"version-history":[{"count":10,"href":"https:\/\/www.zeichenzirkelpirna.de\/index.php\/wp-json\/wp\/v2\/pages\/55\/revisions"}],"predecessor-version":[{"id":433,"href":"https:\/\/www.zeichenzirkelpirna.de\/index.php\/wp-json\/wp\/v2\/pages\/55\/revisions\/433"}],"wp:attachment":[{"href":"https:\/\/www.zeichenzirkelpirna.de\/index.php\/wp-json\/wp\/v2\/media?parent=55"}],"curies":[{"name":"wp","href":"https:\/\/api.w.org\/{rel}","templated":true}]}}